{"id":6091,"date":"2021-05-07T11:02:16","date_gmt":"2021-05-07T09:02:16","guid":{"rendered":"https:\/\/interreligieux.ch\/wp\/?page_id=6091"},"modified":"2025-10-20T21:13:55","modified_gmt":"2025-10-20T19:13:55","slug":"membres","status":"publish","type":"page","link":"https:\/\/interreligieux.ch\/wp\/a-propos\/membres\/","title":{"rendered":"Membres"},"content":{"rendered":"\t\t<div data-elementor-type=\"wp-page\" data-elementor-id=\"6091\" class=\"elementor elementor-6091\" data-elementor-post-type=\"page\">\n\t\t\t\t\t\t<section class=\"elementor-section elementor-top-section elementor-element elementor-element-ce39a4d elementor-section-full_width elementor-section-height-default elementor-section-height-default\" data-id=\"ce39a4d\" data-element_type=\"section\" data-e-type=\"section\">\n\t\t\t\t\t\t<div class=\"elementor-container elementor-column-gap-no\">\n\t\t\t\t\t<div class=\"elementor-column elementor-col-100 elementor-top-column elementor-element elementor-element-16ec489d\" data-id=\"16ec489d\" data-element_type=\"column\" data-e-type=\"column\">\n\t\t\t<div class=\"elementor-widget-wrap elementor-element-populated\">\n\t\t\t\t\t\t<div class=\"elementor-element elementor-element-4f7120e elementor-share-buttons--view-icon elementor-share-buttons--shape-circle elementor-share-buttons--skin-gradient elementor-grid-0 elementor-share-buttons--color-official elementor-widget elementor-widget-share-buttons\" data-id=\"4f7120e\" data-element_type=\"widget\" data-e-type=\"widget\" data-widget_type=\"share-buttons.default\">\n\t\t\t\t<div class=\"elementor-widget-container\">\n\t\t\t\t\t\t\t<div class=\"elementor-grid\" role=\"list\">\n\t\t\t\t\t\t\t\t<div class=\"elementor-grid-item\" role=\"listitem\">\n\t\t\t\t\t\t<div class=\"elementor-share-btn elementor-share-btn_facebook\" role=\"button\" tabindex=\"0\" aria-label=\"Partager sur facebook\">\n\t\t\t\t\t\t\t\t\t\t\t\t\t\t\t<span class=\"elementor-share-btn__icon\">\n\t\t\t\t\t\t\t\t<i class=\"fab fa-facebook\" aria-hidden=\"true\"><\/i>\t\t\t\t\t\t\t<\/span>\n\t\t\t\t\t\t\t\t\t\t\t\t\t\t\t\t\t\t\t\t<\/div>\n\t\t\t\t\t<\/div>\n\t\t\t\t\t\t\t\t\t<div class=\"elementor-grid-item\" role=\"listitem\">\n\t\t\t\t\t\t<div class=\"elementor-share-btn elementor-share-btn_twitter\" role=\"button\" tabindex=\"0\" aria-label=\"Partager sur twitter\">\n\t\t\t\t\t\t\t\t\t\t\t\t\t\t\t<span class=\"elementor-share-btn__icon\">\n\t\t\t\t\t\t\t\t<i class=\"fab fa-twitter\" aria-hidden=\"true\"><\/i>\t\t\t\t\t\t\t<\/span>\n\t\t\t\t\t\t\t\t\t\t\t\t\t\t\t\t\t\t\t\t<\/div>\n\t\t\t\t\t<\/div>\n\t\t\t\t\t\t\t\t\t<div class=\"elementor-grid-item\" role=\"listitem\">\n\t\t\t\t\t\t<div class=\"elementor-share-btn elementor-share-btn_linkedin\" role=\"button\" tabindex=\"0\" aria-label=\"Partager sur linkedin\">\n\t\t\t\t\t\t\t\t\t\t\t\t\t\t\t<span class=\"elementor-share-btn__icon\">\n\t\t\t\t\t\t\t\t<i class=\"fab fa-linkedin\" aria-hidden=\"true\"><\/i>\t\t\t\t\t\t\t<\/span>\n\t\t\t\t\t\t\t\t\t\t\t\t\t\t\t\t\t\t\t\t<\/div>\n\t\t\t\t\t<\/div>\n\t\t\t\t\t\t<\/div>\n\t\t\t\t\t\t<\/div>\n\t\t\t\t<\/div>\n\t\t\t\t\t<\/div>\n\t\t<\/div>\n\t\t\t\t\t<\/div>\n\t\t<\/section>\n\t\t\t\t<section class=\"elementor-section elementor-top-section elementor-element elementor-element-345e6e81 elementor-section-boxed elementor-section-height-default elementor-section-height-default\" data-id=\"345e6e81\" data-element_type=\"section\" data-e-type=\"section\">\n\t\t\t\t\t\t<div class=\"elementor-container elementor-column-gap-default\">\n\t\t\t\t\t<div class=\"elementor-column elementor-col-100 elementor-top-column elementor-element elementor-element-66703919\" data-id=\"66703919\" data-element_type=\"column\" data-e-type=\"column\">\n\t\t\t<div class=\"elementor-widget-wrap\">\n\t\t\t\t\t\t\t<\/div>\n\t\t<\/div>\n\t\t\t\t\t<\/div>\n\t\t<\/section>\n\t\t\t\t<section class=\"elementor-section elementor-top-section elementor-element elementor-element-1b8dc29f elementor-section-boxed elementor-section-height-default elementor-section-height-default\" data-id=\"1b8dc29f\" data-element_type=\"section\" data-e-type=\"section\">\n\t\t\t\t\t\t<div class=\"elementor-container elementor-column-gap-default\">\n\t\t\t\t\t<div class=\"elementor-column elementor-col-100 elementor-top-column elementor-element elementor-element-6d5047e1\" data-id=\"6d5047e1\" data-element_type=\"column\" data-e-type=\"column\">\n\t\t\t<div class=\"elementor-widget-wrap elementor-element-populated\">\n\t\t\t\t\t\t<div class=\"elementor-element elementor-element-36a1f530 elementor-widget elementor-widget-text-editor\" data-id=\"36a1f530\" data-element_type=\"widget\" data-e-type=\"widget\" data-widget_type=\"text-editor.default\">\n\t\t\t\t<div class=\"elementor-widget-container\">\n\t\t\t\t\t\t\t\t\t<p><span class=\"dropcap \" style=\"margin-top: 0.04em; margin-right: 0.2em; border-color: #ffffff; font-style: normal; font-variant-ligatures: normal; font-variant-caps: normal; font-size: 4em; line-height: 1; font-family: 'Helvetica Neue', Helvetica, Roboto, Arial, sans-serif; display: block; float: left; color: #000000; letter-spacing: -0.1px;\">A<\/span>ssociation, r\u00e9seau d&rsquo;acteurs et de partenaires, mais aussi m\u00e9dia, la PFIR n&rsquo;est pas une organisation religieuse : elle est ouverte \u00e0 tous, croyants et non-croyants, entit\u00e9s religieuses et spirituelles, individus. La dimension humaine, le respect des convictions de chacune et chacun traversent l&rsquo;ensemble des messages et des activit\u00e9s de notre association depuis plus de 25 ans.<\/p>\t\t\t\t\t\t\t\t<\/div>\n\t\t\t\t<\/div>\n\t\t\t\t<div class=\"elementor-element elementor-element-9f9573b elementor-align-center elementor-widget elementor-widget-global elementor-global-7524 elementor-widget-button\" data-id=\"9f9573b\" data-element_type=\"widget\" data-e-type=\"widget\" data-widget_type=\"button.default\">\n\t\t\t\t<div class=\"elementor-widget-container\">\n\t\t\t\t\t\t\t\t\t<div class=\"elementor-button-wrapper\">\n\t\t\t\t\t<a class=\"elementor-button elementor-button-link elementor-size-lg\" href=\"https:\/\/interreligieux.ch\/wp\/devenir-membre-de-la-pfir\/\" id=\"mon-id\">\n\t\t\t\t\t\t<span class=\"elementor-button-content-wrapper\">\n\t\t\t\t\t\t<span class=\"elementor-button-icon\">\n\t\t\t\t<i aria-hidden=\"true\" class=\"fas fa-users\"><\/i>\t\t\t<\/span>\n\t\t\t\t\t\t\t\t\t<span class=\"elementor-button-text\">Devenir membre<\/span>\n\t\t\t\t\t<\/span>\n\t\t\t\t\t<\/a>\n\t\t\t\t<\/div>\n\t\t\t\t\t\t\t\t<\/div>\n\t\t\t\t<\/div>\n\t\t\t\t\t<\/div>\n\t\t<\/div>\n\t\t\t\t\t<\/div>\n\t\t<\/section>\n\t\t\t\t<section class=\"elementor-section elementor-top-section elementor-element elementor-element-06f4cd0 elementor-section-stretched elementor-section-boxed elementor-section-height-default elementor-section-height-default\" data-id=\"06f4cd0\" data-element_type=\"section\" data-e-type=\"section\" data-settings=\"{&quot;stretch_section&quot;:&quot;section-stretched&quot;}\">\n\t\t\t\t\t\t<div class=\"elementor-container elementor-column-gap-default\">\n\t\t\t\t\t<div class=\"elementor-column elementor-col-100 elementor-top-column elementor-element elementor-element-2e1b579\" data-id=\"2e1b579\" data-element_type=\"column\" data-e-type=\"column\">\n\t\t\t<div class=\"elementor-widget-wrap elementor-element-populated\">\n\t\t\t\t\t\t<div class=\"elementor-element elementor-element-399ae092 elementor--h-position-left elementor--v-position-bottom elementor-widget elementor-widget-slides\" data-id=\"399ae092\" data-element_type=\"widget\" data-e-type=\"widget\" data-settings=\"{&quot;navigation&quot;:&quot;none&quot;,&quot;transition&quot;:&quot;slide&quot;,&quot;transition_speed&quot;:500}\" data-widget_type=\"slides.default\">\n\t\t\t\t<div class=\"elementor-widget-container\">\n\t\t\t\t\t\t\t\t\t<div class=\"elementor-swiper\">\n\t\t\t\t\t<div class=\"elementor-slides-wrapper elementor-main-swiper swiper\" role=\"region\" aria-roledescription=\"carousel\" aria-label=\"Diapositives\" dir=\"ltr\" data-animation=\"fadeInUp\">\n\t\t\t\t<div class=\"swiper-wrapper elementor-slides\">\n\t\t\t\t\t\t\t\t\t\t<div class=\"elementor-repeater-item-7a32fb0 swiper-slide\" role=\"group\" aria-roledescription=\"slide\"><div class=\"swiper-slide-bg\" role=\"img\" aria-label=\"DSC_0897\"><\/div><div class=\"swiper-slide-inner\" ><div class=\"swiper-slide-contents\"><div class=\"elementor-slide-heading\">Membres<\/div><div class=\"elementor-slide-description\">La Plateforme interreligieuse de Gen\u00e8ve (PFIR) est une association sans but lucratif dont la mission consiste \u00e0 valoriser la diversit\u00e9 et le dialogue interreligieux dans le canton de Gen\u00e8ve et sa r\u00e9gion.<\/div><\/div><\/div><\/div>\t\t\t\t<\/div>\n\t\t\t\t\t\t\t<\/div>\n\t\t\t\t<\/div>\n\t\t\t\t\t\t\t\t<\/div>\n\t\t\t\t<\/div>\n\t\t\t\t<div class=\"elementor-element elementor-element-92558fe elementor-tabs-view-horizontal elementor-invisible elementor-widget elementor-widget-tabs\" data-id=\"92558fe\" data-element_type=\"widget\" data-e-type=\"widget\" data-settings=\"{&quot;_animation&quot;:&quot;fadeIn&quot;}\" data-widget_type=\"tabs.default\">\n\t\t\t\t<div class=\"elementor-widget-container\">\n\t\t\t\t\t\t\t<div class=\"elementor-tabs\">\n\t\t\t<div class=\"elementor-tabs-wrapper\" role=\"tablist\" >\n\t\t\t\t\t\t\t\t\t<div id=\"elementor-tab-title-1531\" class=\"elementor-tab-title elementor-tab-desktop-title\" aria-selected=\"true\" data-tab=\"1\" role=\"tab\" tabindex=\"0\" aria-controls=\"elementor-tab-content-1531\" aria-expanded=\"false\">Membres<\/div>\n\t\t\t\t\t\t\t<\/div>\n\t\t\t<div class=\"elementor-tabs-content-wrapper\" role=\"tablist\" aria-orientation=\"vertical\">\n\t\t\t\t\t\t\t\t\t<div class=\"elementor-tab-title elementor-tab-mobile-title\" aria-selected=\"true\" data-tab=\"1\" role=\"tab\" tabindex=\"0\" aria-controls=\"elementor-tab-content-1531\" aria-expanded=\"false\">Membres<\/div>\n\t\t\t\t\t<div id=\"elementor-tab-content-1531\" class=\"elementor-tab-content elementor-clearfix\" data-tab=\"1\" role=\"tabpanel\" aria-labelledby=\"elementor-tab-title-1531\" tabindex=\"0\" hidden=\"false\"><h4>L\u2019association compte actuellement 19 membres collectifs, 3 membres associ\u00e9s et 53 membres individuels.<\/h4><h3><strong>Membres collectifs<\/strong><\/h3><h4><span style=\"color: #0060b5;\"><a href=\"https:\/\/www.alislam.org\/articles\/la-communaute-musulmane-ahmadiyya\/\" target=\"_blank\" rel=\"noopener\"><strong>Ahmadiyya Muslim Jammat<\/strong><\/a><br \/><span style=\"color: #000000;\">Titulaire : Refiu IDRIS <\/span><br \/><span style=\"color: #000000;\">Suppl\u00e9ant : Ilias ETTAJ<\/span><\/span><\/h4><h4><span style=\"color: #0060b5;\"><strong>Association culturelle des Bosniaques de Gen\u00e8ve<\/strong><br \/><span style=\"color: #000000;\">Titulaire : Musa OMEROVIC<\/span><br \/><span style=\"color: #000000;\">Suppl\u00e9ant : Adis OMEROVIC<\/span><\/span><\/h4><h4><span style=\"color: #0060b5;\"><strong>Association culturelle des musulmans albanophones de Gen\u00e8ve (Dituria)<\/strong><\/span><br \/>Titulaire : Abdyl-Kadri BEKTESHI<br \/>Suppl\u00e9ant : Nexhat DEMIRI<\/h4><h4><strong><a href=\"http:\/\/www.12imams.ch\/\" target=\"_blank\" rel=\"noopener\">Association islamique et culturelle d\u2019Ahl-el-Bayt de Gen\u00e8ve<\/a><\/strong><br \/>Titulaire : Vahid KHOSHIDEH<br \/>Suppl\u00e9ante : Razieh OLIA<\/h4><h4><strong><a href=\"http:\/\/cbi-geneve.ch\/\" target=\"_blank\" rel=\"noopener\">Centre bouddhiste international de Gen\u00e8ve<\/a><br \/><\/strong>Titulaire : Bhante Tawalama DHAMMIKA<\/h4><h4><strong><a href=\"https:\/\/cebt-geneve.ch\/bienvenue-au-cebt-geneve\/\" target=\"_blank\" rel=\"noopener\">Centre d\u2019\u00e9tude du bouddhisme tib\u00e9tain de Gen\u00e8ve<\/a><br \/><\/strong>Titulaire : Agathe CHEVALIER<br \/>Suppl\u00e9ant : Jean-Marc FALCOMBELLO<\/h4><h4><strong><a href=\"http:\/\/www.centre-vedantique-geneve.org\/index.html\" target=\"_blank\" rel=\"noopener noreferrer\">Centre v\u00e9dantique de Gen\u00e8ve<\/a><\/strong><br \/>Titulaire : Swami VEDANISHTHANANDA<br \/>Suppl\u00e9ante : R\u00e2ma JONNALAGEDDA<\/h4><h4><strong><span style=\"color: #0060b5;\">Communaut\u00e9 baha\u2019ie de Gen\u00e8ve<\/span><br \/><\/strong>Titulaire : Nicolas JUNOD<br \/>Suppl\u00e9ant : Ilya NOVIKOV<\/h4><h4><a href=\"http:\/\/www.comisra.ch\/\" target=\"_blank\" rel=\"noopener noreferrer\"><strong>Communaut\u00e9 isra\u00e9lite de Gen\u00e8ve<\/strong><\/a><br \/>Titulaire : \u00c9ric ACKERMANN<br \/>Suppl\u00e9ante : Anita HALASZ<\/h4><h4><strong><a href=\"http:\/\/www.gil.ch\/\" target=\"_blank\" rel=\"noopener noreferrer\">Communaut\u00e9 juive lib\u00e9rale de Gen\u00e8ve<\/a><\/strong><br \/>Titulaire : Fran\u00e7ois GARA\u00cf<br \/>Suppl\u00e9ant : Nathan ALFRED<\/h4><h4><strong><a href=\"https:\/\/dioceseorthodoxe.ch\/\" target=\"_blank\" rel=\"noopener noreferrer\">Dioc\u00e8se orthodoxe de Suisse romande\u00a0<\/a><\/strong><br \/>Titulaire : Archidiacre Gabriel BARATASHVILI<br \/>Suppl\u00e9ante : Ir\u00e8ne BARTHOLDI<\/h4><h4><strong><a href=\"http:\/\/www.zen-deshimaru.ch\/accueil\" target=\"_blank\" rel=\"noopener noreferrer\">Dojo Zen Gen\u00e8ve\u00a0<\/a><\/strong><strong><a href=\"http:\/\/www.zen-deshimaru.ch\/\" target=\"_blank\" rel=\"noopener noreferrer\">(zen soto)<\/a><br \/><\/strong>Titulaire : Vincent Keisen VUILLEMIN<br \/>Suppl\u00e9ante : Maria Teresa Shogetsu AVILA<\/h4><h4><strong><a href=\"http:\/\/www.catholique-chretien.ch\/geneve.php\" target=\"_blank\" rel=\"noopener noreferrer\">\u00c9glise catholique-chr\u00e9tienne de Gen\u00e8ve<\/a><\/strong><br \/>Titulaire : Jean LANOY<br \/>Suppl\u00e9ante : Aur\u00e9lie ETHUIN LANOY<\/h4><h4><strong><a href=\"http:\/\/www.cath-ge.ch\/\" target=\"_blank\" rel=\"noopener noreferrer\">\u00c9glise catholique romaine \u00e0 Gen\u00e8ve<\/a><\/strong><br \/>Titulaire : Anne CARRON-CESCATO<br \/>Suppl\u00e9ante : Fabienne GIGON<\/h4><h4><strong><a href=\"http:\/\/www.genevalutheran.ch\/\" target=\"_blank\" rel=\"noopener noreferrer\">\u00c9glise \u00e9vang\u00e9lique luth\u00e9rienne de Gen\u00e8ve<\/a><br \/><\/strong>Titulaire : Cristina REND\u041e\u0301N<br \/>Suppl\u00e9ant : Ines LADEWIG OTT<\/h4><h4><strong><a href=\"http:\/\/www.epg.ch\/\" target=\"_blank\" rel=\"noopener noreferrer\">\u00c9glise protestante de Gen\u00e8ve<\/a><br \/><\/strong>Titulaire : Agn\u00e8s KR\u00dcZSELY<br \/>Suppl\u00e9ant : Philippe LEU<\/h4><h4><strong><a href=\"http:\/\/www.mosque.ch\/\" target=\"_blank\" rel=\"noopener noreferrer\">Fondation culturelle islamique de Gen\u00e8ve (mosqu\u00e9e du Petit-Saconnex)<\/a><\/strong><br \/>Titulaire : Mohamed LEVRAK<br \/>Suppl\u00e9ant : Claude Idris FONTAINE<\/h4><h4><strong><a href=\"http:\/\/www.fec-geneve.ch\/quisommesnous.php\" target=\"_blank\" rel=\"noopener\">Fondation de l\u2019entre-connaissance<\/a><\/strong><br \/>Titulaire : Hafid OUARDIRI<br \/>Suppl\u00e9ant : Ahmed\u00a0CLINE<\/h4><h4><strong><a href=\"http:\/\/www.swiss-quakers.ch\/ge\/\" target=\"_blank\" rel=\"noopener noreferrer\">Quakers (Soci\u00e9t\u00e9 des Amis)<\/a><br \/><\/strong>Titulaire : \u00c9douard DOMMEN<br \/>Suppl\u00e9ant : Bob BOWERS<\/h4><h4>\u00a0<\/h4><h3><strong>Membres associ\u00e9s<\/strong><\/h3><h4><strong><a href=\"http:\/\/www.agora-asile.ch\/\" target=\"_blank\" rel=\"noopener noreferrer\">Aum\u00f4nerie genevoise \u0153cum\u00e9nique aupr\u00e8s des requ\u00e9rants d&rsquo;asile et des r\u00e9fugi\u00e9s (AGORA)<\/a><\/strong><\/h4><h4><strong><a href=\"http:\/\/www.fokolar-bewegung.ch\/\" target=\"_blank\" rel=\"noopener noreferrer\">Mouvement des Focolari<\/a><\/strong><\/h4><\/div>\n\t\t\t\t\t\t\t<\/div>\n\t\t<\/div>\n\t\t\t\t\t\t<\/div>\n\t\t\t\t<\/div>\n\t\t\t\t\t<\/div>\n\t\t<\/div>\n\t\t\t\t\t<\/div>\n\t\t<\/section>\n\t\t\t\t<section class=\"elementor-section elementor-top-section elementor-element elementor-element-a75c35f elementor-section-boxed elementor-section-height-default elementor-section-height-default\" data-id=\"a75c35f\" data-element_type=\"section\" data-e-type=\"section\">\n\t\t\t\t\t\t<div class=\"elementor-container elementor-column-gap-default\">\n\t\t\t\t\t<div class=\"elementor-column elementor-col-100 elementor-top-column elementor-element elementor-element-0104ae3\" data-id=\"0104ae3\" data-element_type=\"column\" data-e-type=\"column\">\n\t\t\t<div class=\"elementor-widget-wrap\">\n\t\t\t\t\t\t\t<\/div>\n\t\t<\/div>\n\t\t\t\t\t<\/div>\n\t\t<\/section>\n\t\t\t\t<\/div>\n\t\t","protected":false},"excerpt":{"rendered":"<p>Association, r\u00e9seau d&rsquo;acteurs et de partenaires, mais aussi m\u00e9dia, la PFIR n&rsquo;est pas une organisation religieuse : elle est ouverte \u00e0 tous, croyants et non-croyants, entit\u00e9s religieuses et spirituelles, individus. La dimension humaine, le respect des convictions de chacune et chacun traversent l&rsquo;ensemble des messages et des activit\u00e9s de notre association depuis plus de 25 [&hellip;]<\/p>\n","protected":false},"author":1,"featured_media":0,"parent":6075,"menu_order":0,"comment_status":"closed","ping_status":"closed","template":"elementor_header_footer","meta":{"footnotes":""},"class_list":["post-6091","page","type-page","status-publish","hentry"],"_links":{"self":[{"href":"https:\/\/interreligieux.ch\/wp\/wp-json\/wp\/v2\/pages\/6091","targetHints":{"allow":["GET"]}}],"collection":[{"href":"https:\/\/interreligieux.ch\/wp\/wp-json\/wp\/v2\/pages"}],"about":[{"href":"https:\/\/interreligieux.ch\/wp\/wp-json\/wp\/v2\/types\/page"}],"author":[{"embeddable":true,"href":"https:\/\/interreligieux.ch\/wp\/wp-json\/wp\/v2\/users\/1"}],"replies":[{"embeddable":true,"href":"https:\/\/interreligieux.ch\/wp\/wp-json\/wp\/v2\/comments?post=6091"}],"version-history":[{"count":155,"href":"https:\/\/interreligieux.ch\/wp\/wp-json\/wp\/v2\/pages\/6091\/revisions"}],"predecessor-version":[{"id":9842,"href":"https:\/\/interreligieux.ch\/wp\/wp-json\/wp\/v2\/pages\/6091\/revisions\/9842"}],"up":[{"embeddable":true,"href":"https:\/\/interreligieux.ch\/wp\/wp-json\/wp\/v2\/pages\/6075"}],"wp:attachment":[{"href":"https:\/\/interreligieux.ch\/wp\/wp-json\/wp\/v2\/media?parent=6091"}],"curies":[{"name":"wp","href":"https:\/\/api.w.org\/{rel}","templated":true}]}}